{"id":2141,"date":"2023-03-06T14:00:39","date_gmt":"2023-03-06T14:00:39","guid":{"rendered":"http:\/\/lawendowamarina.pl\/?page_id=2141"},"modified":"2023-03-06T14:01:58","modified_gmt":"2023-03-06T14:01:58","slug":"o-przedszkolu","status":"publish","type":"page","link":"https:\/\/lawendowamarina.pl\/index.php\/o-przedszkolu\/","title":{"rendered":"O przedszkolu"},"content":{"rendered":"\t\t<div data-elementor-type=\"wp-page\" data-elementor-id=\"2141\" class=\"elementor elementor-2141\">\n\t\t\t\t\t\t<section class=\"elementor-section elementor-top-section elementor-element elementor-element-28044e16 elementor-section-boxed elementor-section-height-default elementor-section-height-default\" data-id=\"28044e16\" data-element_type=\"section\">\n\t\t\t\t\t\t<div class=\"elementor-container elementor-column-gap-default\">\n\t\t\t\t\t<div class=\"elementor-column elementor-col-100 elementor-top-column elementor-element elementor-element-108e7e28\" data-id=\"108e7e28\" data-element_type=\"column\">\n\t\t\t<div class=\"elementor-widget-wrap elementor-element-populated\">\n\t\t\t\t\t\t<div class=\"elementor-element elementor-element-ce3acfc elementor-widget elementor-widget-text-editor\" data-id=\"ce3acfc\" data-element_type=\"widget\" data-widget_type=\"text-editor.default\">\n\t\t\t\t<div class=\"elementor-widget-container\">\n\t\t\t\t\t\t\t\t\t<p style=\"text-align: left;\"><strong>Godziny pracy przedszkola<\/strong><\/p><p style=\"text-align: left;\">Przedszkole czynne jest w godzinach:<br \/>7:00-17:30<\/p><p style=\"text-align: left;\"><strong><br \/>Op\u0142aty<\/strong><\/p><p style=\"text-align: left;\">Op\u0142aty za przedszkole nale\u017cy wp\u0142aca\u0107 do dnia 10 bie\u017c\u0105cego miesi\u0105ca.<\/p><p style=\"text-align: left;\">\u00a0 Op\u0142aty za przedszkole s\u0105 nast\u0119puj\u0105ce:<\/p><ul style=\"text-align: left;\"><li style=\"text-align: left;\">op\u0142ata za opiek\u0119 przedszkoln\u0105 powy\u017cej 5 godzin wynosi 1,00 z\u0142 za godzin\u0119,<\/li><li style=\"text-align: left;\">op\u0142ata za wy\u017cywienie wynosi 19 z\u0142 (\u015bniadanie, obiad, podwieczorek).<\/li><\/ul><p style=\"text-align: left;\">Posi\u0142ki dostarczane s\u0105 przez Firm\u0119 &#8222;Wersal Catering&#8221;<\/p><p style=\"text-align: left;\"><a href=\"http:\/\/www.wersalcateringforkids.pl\">http:\/\/www.wersalcateringforkids.pl<\/a><\/p><p style=\"text-align: left;\"><strong>Specjali\u015bci<\/strong><\/p><p style=\"text-align: left;\">W naszym przedszkolu zatrudniony jest pedagog specjalny, logopeda oraz psycholog.<\/p><p style=\"text-align: left;\">Zaj\u0119cia nauki j\u0119zyka angielskiego odbywaj\u0105 si\u0119 dwa razy w tygodniu w ramach podstawy programowej.<\/p><p style=\"text-align: left;\">Na terenie przedszkola organizowane s\u0105 zaj\u0119cia dodatkowe, takie jak np.<\/p><p style=\"text-align: left;\">judo, taniec, sensoplastyka, zaj\u0119cia sportowe og\u00f3lnorozwojowe.<\/p>\t\t\t\t\t\t\t\t<\/div>\n\t\t\t\t<\/div>\n\t\t\t\t\t<\/div>\n\t\t<\/div>\n\t\t\t\t\t<\/div>\n\t\t<\/section>\n\t\t\t\t<\/div>\n\t\t","protected":false},"excerpt":{"rendered":"<p>Godziny pracy przedszkola Przedszkole czynne jest w godzinach:7:00-17:30 Op\u0142aty Op\u0142aty za przedszkole nale\u017cy wp\u0142aca\u0107 do dnia 10 bie\u017c\u0105cego miesi\u0105ca. \u00a0 Op\u0142aty za przedszkole s\u0105 nast\u0119puj\u0105ce: op\u0142ata za opiek\u0119 przedszkoln\u0105 powy\u017cej 5 godzin wynosi 1,00 z\u0142 za godzin\u0119, op\u0142ata za wy\u017cywienie wynosi 19 z\u0142 (\u015bniadanie, obiad, podwieczorek). Posi\u0142ki dostarczane s\u0105 przez [&hellip;]<\/p>\n","protected":false},"author":1,"featured_media":0,"parent":0,"menu_order":0,"comment_status":"closed","ping_status":"closed","template":"","meta":{"ngg_post_thumbnail":0,"footnotes":""},"class_list":["post-2141","page","type-page","status-publish","hentry"],"_links":{"self":[{"href":"https:\/\/lawendowamarina.pl\/index.php\/wp-json\/wp\/v2\/pages\/2141","targetHints":{"allow":["GET"]}}],"collection":[{"href":"https:\/\/lawendowamarina.pl\/index.php\/wp-json\/wp\/v2\/pages"}],"about":[{"href":"https:\/\/lawendowamarina.pl\/index.php\/wp-json\/wp\/v2\/types\/page"}],"author":[{"embeddable":true,"href":"https:\/\/lawendowamarina.pl\/index.php\/wp-json\/wp\/v2\/users\/1"}],"replies":[{"embeddable":true,"href":"https:\/\/lawendowamarina.pl\/index.php\/wp-json\/wp\/v2\/comments?post=2141"}],"version-history":[{"count":3,"href":"https:\/\/lawendowamarina.pl\/index.php\/wp-json\/wp\/v2\/pages\/2141\/revisions"}],"predecessor-version":[{"id":2144,"href":"https:\/\/lawendowamarina.pl\/index.php\/wp-json\/wp\/v2\/pages\/2141\/revisions\/2144"}],"wp:attachment":[{"href":"https:\/\/lawendowamarina.pl\/index.php\/wp-json\/wp\/v2\/media?parent=2141"}],"curies":[{"name":"wp","href":"https:\/\/api.w.org\/{rel}","templated":true}]}}